{"id":1075,"date":"2022-03-30T10:56:57","date_gmt":"2022-03-30T08:56:57","guid":{"rendered":"https:\/\/www.myplacehotel.it\/?page_id=1075"},"modified":"2022-03-30T10:56:58","modified_gmt":"2022-03-30T08:56:58","slug":"mon-jardin-sur-le-toit","status":"publish","type":"page","link":"https:\/\/www.myplacehotel.it\/fr\/mon-jardin-sur-le-toit\/","title":{"rendered":"Mon Jardin sur le Toit"},"content":{"rendered":"\n<p><strong>Un projet r\u00e9alis\u00e9 en 2021<\/strong>, apr\u00e8s des ann\u00e9es d&rsquo;id\u00e9es et de r\u00eaves.<\/p>\n\n\n\n<p><strong>La Terrasse est le fleuron de l&rsquo;H\u00f4tel My Place<\/strong>. Elle a \u00e9t\u00e9 con\u00e7ue et r\u00e9alis\u00e9e gr\u00e2ce \u00e0 la collaboration de marques d&rsquo;excellence Made in Italy telles que Corradi, Emu et Varaschin.<\/p>\n\n\n\n<div class=\"wp-block-columns is-layout-flex wp-container-core-columns-is-layout-9d6595d7 wp-block-columns-is-layout-flex\">\n<div class=\"wp-block-column wow slideInLeft is-layout-flow wp-block-column-is-layout-flow\">\n<p>Situ\u00e9e au quatri\u00e8me \u00e9tage de l&rsquo;h\u00f4tel, vous pourrez observer le bleu de notre mer, le vert des pins du Parc Fellini, le magnifique Grand H\u00f4tel et d&rsquo;autres b\u00e2timents historiques qui font de Marina Centro, le c\u0153ur de la c\u00f4te romagnole, un endroit dont on tombe amoureux.<\/p>\n\n\n\n<p>Et c&rsquo;est ici m\u00eame que vous trouverez notre Cocktail Bar, o\u00f9 vous pourrez d\u00e9guster d&rsquo;excellentes boissons et des vins raffin\u00e9s lors d&rsquo;un ap\u00e9ritif, accompagn\u00e9 des reflets du coucher du soleil, ou lors d&rsquo;une soir\u00e9e plong\u00e9e dans les mondanit\u00e9s de la c\u00f4te.<\/p>\n<\/div>\n\n\n\n<div class=\"wp-block-column wow slideInRight is-layout-flow wp-block-column-is-layout-flow\">\n<figure class=\"wp-block-image size-large\"><img fetchpriority=\"high\" decoding=\"async\" width=\"1024\" height=\"683\" src=\"https:\/\/www.myplacehotel.it\/wp-content\/uploads\/2022\/02\/2022-terrazza2-1024x683.jpg\" alt=\"\" class=\"wp-image-829\" srcset=\"https:\/\/www.myplacehotel.it\/wp-content\/uploads\/2022\/02\/2022-terrazza2-1024x683.jpg 1024w, https:\/\/www.myplacehotel.it\/wp-content\/uploads\/2022\/02\/2022-terrazza2-300x200.jpg 300w, https:\/\/www.myplacehotel.it\/wp-content\/uploads\/2022\/02\/2022-terrazza2-768x512.jpg 768w, https:\/\/www.myplacehotel.it\/wp-content\/uploads\/2022\/02\/2022-terrazza2-1600x1067.jpg 1600w, https:\/\/www.myplacehotel.it\/wp-content\/uploads\/2022\/02\/2022-terrazza2-1536x1024.jpg 1536w, https:\/\/www.myplacehotel.it\/wp-content\/uploads\/2022\/02\/2022-terrazza2.jpg 1920w\" sizes=\"(max-width: 1024px) 100vw, 1024px\" \/><\/figure>\n<\/div>\n<\/div>\n\n\n\n<figure class=\"wp-block-gallery has-nested-images columns-2 is-cropped wp-block-gallery-1 is-layout-flex wp-block-gallery-is-layout-flex\">\n<figure class=\"wp-block-image size-large\"><img decoding=\"async\" width=\"2480\" height=\"1488\" data-id=\"712\" src=\"https:\/\/www.myplacehotel.it\/wp-content\/uploads\/2021\/05\/TERRAZZA-002B-1.jpg\" alt=\"\" class=\"wp-image-712\" srcset=\"https:\/\/www.myplacehotel.it\/wp-content\/uploads\/2021\/05\/TERRAZZA-002B-1.jpg 2480w, https:\/\/www.myplacehotel.it\/wp-content\/uploads\/2021\/05\/TERRAZZA-002B-1-300x180.jpg 300w, https:\/\/www.myplacehotel.it\/wp-content\/uploads\/2021\/05\/TERRAZZA-002B-1-1024x614.jpg 1024w, https:\/\/www.myplacehotel.it\/wp-content\/uploads\/2021\/05\/TERRAZZA-002B-1-768x461.jpg 768w, https:\/\/www.myplacehotel.it\/wp-content\/uploads\/2021\/05\/TERRAZZA-002B-1-1536x922.jpg 1536w, https:\/\/www.myplacehotel.it\/wp-content\/uploads\/2021\/05\/TERRAZZA-002B-1-2048x1229.jpg 2048w\" sizes=\"(max-width: 2480px) 100vw, 2480px\" \/><\/figure>\n\n\n\n<figure class=\"wp-block-image size-large\"><img decoding=\"async\" width=\"1536\" height=\"2048\" data-id=\"812\" src=\"https:\/\/www.myplacehotel.it\/wp-content\/uploads\/2022\/02\/91228a4c-69f3-4498-be93-5475987df0a1.jpg\" alt=\"\" class=\"wp-image-812\" srcset=\"https:\/\/www.myplacehotel.it\/wp-content\/uploads\/2022\/02\/91228a4c-69f3-4498-be93-5475987df0a1.jpg 1536w, https:\/\/www.myplacehotel.it\/wp-content\/uploads\/2022\/02\/91228a4c-69f3-4498-be93-5475987df0a1-225x300.jpg 225w, https:\/\/www.myplacehotel.it\/wp-content\/uploads\/2022\/02\/91228a4c-69f3-4498-be93-5475987df0a1-768x1024.jpg 768w, https:\/\/www.myplacehotel.it\/wp-content\/uploads\/2022\/02\/91228a4c-69f3-4498-be93-5475987df0a1-1152x1536.jpg 1152w\" sizes=\"(max-width: 1536px) 100vw, 1536px\" \/><\/figure>\n\n\n\n<figure class=\"wp-block-image size-large\"><img loading=\"lazy\" decoding=\"async\" width=\"1024\" height=\"768\" data-id=\"837\" src=\"https:\/\/www.myplacehotel.it\/wp-content\/uploads\/2022\/02\/2022-terrazza4-1024x768.jpg\" alt=\"\" class=\"wp-image-837\" srcset=\"https:\/\/www.myplacehotel.it\/wp-content\/uploads\/2022\/02\/2022-terrazza4-1024x768.jpg 1024w, https:\/\/www.myplacehotel.it\/wp-content\/uploads\/2022\/02\/2022-terrazza4-300x225.jpg 300w, https:\/\/www.myplacehotel.it\/wp-content\/uploads\/2022\/02\/2022-terrazza4-768x576.jpg 768w, https:\/\/www.myplacehotel.it\/wp-content\/uploads\/2022\/02\/2022-terrazza4-1600x1200.jpg 1600w, https:\/\/www.myplacehotel.it\/wp-content\/uploads\/2022\/02\/2022-terrazza4-1536x1152.jpg 1536w, https:\/\/www.myplacehotel.it\/wp-content\/uploads\/2022\/02\/2022-terrazza4.jpg 1920w\" sizes=\"(max-width: 1024px) 100vw, 1024px\" \/><\/figure>\n<\/figure>\n","protected":false},"excerpt":{"rendered":"<p>Un projet r\u00e9alis\u00e9 en 2021, apr\u00e8s des ann\u00e9es d&rsquo;id\u00e9es et de r\u00eaves. La Terrasse est le fleuron de l&rsquo;H\u00f4tel My Place. Elle a \u00e9t\u00e9 con\u00e7ue et r\u00e9alis\u00e9e gr\u00e2ce \u00e0 la collaboration de marques d&rsquo;excellence Made in Italy telles que Corradi, Emu et Varaschin. Situ\u00e9e au quatri\u00e8me \u00e9tage de l&rsquo;h\u00f4tel, vous pourrez observer le bleu de [&hellip;]<\/p>\n","protected":false},"author":1,"featured_media":1656,"parent":0,"menu_order":0,"comment_status":"closed","ping_status":"closed","template":"","meta":{"_acf_changed":false,"footnotes":""},"class_list":["post-1075","page","type-page","status-publish","has-post-thumbnail","hentry"],"acf":[],"yoast_head":"<!-- This site is optimized with the Yoast SEO plugin v27.0 - https:\/\/yoast.com\/product\/yoast-seo-wordpress\/ -->\n<title>Mon Jardin sur le Toit - My Place Hotel<\/title>\n<meta name=\"robots\" content=\"index, follow, max-snippet:-1, max-image-preview:large, max-video-preview:-1\" \/>\n<link rel=\"canonical\" href=\"https:\/\/www.myplacehotel.it\/fr\/mon-jardin-sur-le-toit\/\" \/>\n<meta property=\"og:locale\" content=\"fr_FR\" \/>\n<meta property=\"og:type\" content=\"article\" \/>\n<meta property=\"og:title\" content=\"Mon Jardin sur le Toit - My Place Hotel\" \/>\n<meta property=\"og:description\" content=\"Un projet r\u00e9alis\u00e9 en 2021, apr\u00e8s des ann\u00e9es d&rsquo;id\u00e9es et de r\u00eaves. La Terrasse est le fleuron de l&rsquo;H\u00f4tel My Place. Elle a \u00e9t\u00e9 con\u00e7ue et r\u00e9alis\u00e9e gr\u00e2ce \u00e0 la collaboration de marques d&rsquo;excellence Made in Italy telles que Corradi, Emu et Varaschin. Situ\u00e9e au quatri\u00e8me \u00e9tage de l&rsquo;h\u00f4tel, vous pourrez observer le bleu de [&hellip;]\" \/>\n<meta property=\"og:url\" content=\"https:\/\/www.myplacehotel.it\/fr\/mon-jardin-sur-le-toit\/\" \/>\n<meta property=\"og:site_name\" content=\"My Place Hotel\" \/>\n<meta property=\"article:modified_time\" content=\"2022-03-30T08:56:58+00:00\" \/>\n<meta property=\"og:image\" content=\"https:\/\/www.myplacehotel.it\/wp-content\/uploads\/2021\/04\/TERRAZZA-004.jpg\" \/>\n\t<meta property=\"og:image:width\" content=\"2480\" \/>\n\t<meta property=\"og:image:height\" content=\"1488\" \/>\n\t<meta property=\"og:image:type\" content=\"image\/jpeg\" \/>\n<meta name=\"twitter:card\" content=\"summary_large_image\" \/>\n<meta name=\"twitter:label1\" content=\"Dur\u00e9e de lecture estim\u00e9e\" \/>\n\t<meta name=\"twitter:data1\" content=\"2 minutes\" \/>\n<script type=\"application\/ld+json\" class=\"yoast-schema-graph\">{\"@context\":\"https:\/\/schema.org\",\"@graph\":[{\"@type\":\"WebPage\",\"@id\":\"https:\/\/www.myplacehotel.it\/fr\/mon-jardin-sur-le-toit\/\",\"url\":\"https:\/\/www.myplacehotel.it\/fr\/mon-jardin-sur-le-toit\/\",\"name\":\"Mon Jardin sur le Toit - My Place Hotel\",\"isPartOf\":{\"@id\":\"https:\/\/www.myplacehotel.it\/fr\/#website\"},\"primaryImageOfPage\":{\"@id\":\"https:\/\/www.myplacehotel.it\/fr\/mon-jardin-sur-le-toit\/#primaryimage\"},\"image\":{\"@id\":\"https:\/\/www.myplacehotel.it\/fr\/mon-jardin-sur-le-toit\/#primaryimage\"},\"thumbnailUrl\":\"https:\/\/www.myplacehotel.it\/wp-content\/uploads\/2023\/03\/7.png\",\"datePublished\":\"2022-03-30T08:56:57+00:00\",\"dateModified\":\"2022-03-30T08:56:58+00:00\",\"breadcrumb\":{\"@id\":\"https:\/\/www.myplacehotel.it\/fr\/mon-jardin-sur-le-toit\/#breadcrumb\"},\"inLanguage\":\"fr-FR\",\"potentialAction\":[{\"@type\":\"ReadAction\",\"target\":[\"https:\/\/www.myplacehotel.it\/fr\/mon-jardin-sur-le-toit\/\"]}]},{\"@type\":\"ImageObject\",\"inLanguage\":\"fr-FR\",\"@id\":\"https:\/\/www.myplacehotel.it\/fr\/mon-jardin-sur-le-toit\/#primaryimage\",\"url\":\"https:\/\/www.myplacehotel.it\/wp-content\/uploads\/2023\/03\/7.png\",\"contentUrl\":\"https:\/\/www.myplacehotel.it\/wp-content\/uploads\/2023\/03\/7.png\",\"width\":1600,\"height\":900},{\"@type\":\"BreadcrumbList\",\"@id\":\"https:\/\/www.myplacehotel.it\/fr\/mon-jardin-sur-le-toit\/#breadcrumb\",\"itemListElement\":[{\"@type\":\"ListItem\",\"position\":1,\"name\":\"Home\",\"item\":\"https:\/\/www.myplacehotel.it\/fr\/\"},{\"@type\":\"ListItem\",\"position\":2,\"name\":\"Mon Jardin sur le Toit\"}]},{\"@type\":\"WebSite\",\"@id\":\"https:\/\/www.myplacehotel.it\/fr\/#website\",\"url\":\"https:\/\/www.myplacehotel.it\/fr\/\",\"name\":\"My Place Hotel\",\"description\":\"\",\"potentialAction\":[{\"@type\":\"SearchAction\",\"target\":{\"@type\":\"EntryPoint\",\"urlTemplate\":\"https:\/\/www.myplacehotel.it\/fr\/?s={search_term_string}\"},\"query-input\":{\"@type\":\"PropertyValueSpecification\",\"valueRequired\":true,\"valueName\":\"search_term_string\"}}],\"inLanguage\":\"fr-FR\"}]}<\/script>\n<!-- \/ Yoast SEO plugin. -->","yoast_head_json":{"title":"Mon Jardin sur le Toit - My Place Hotel","robots":{"index":"index","follow":"follow","max-snippet":"max-snippet:-1","max-image-preview":"max-image-preview:large","max-video-preview":"max-video-preview:-1"},"canonical":"https:\/\/www.myplacehotel.it\/fr\/mon-jardin-sur-le-toit\/","og_locale":"fr_FR","og_type":"article","og_title":"Mon Jardin sur le Toit - My Place Hotel","og_description":"Un projet r\u00e9alis\u00e9 en 2021, apr\u00e8s des ann\u00e9es d&rsquo;id\u00e9es et de r\u00eaves. La Terrasse est le fleuron de l&rsquo;H\u00f4tel My Place. Elle a \u00e9t\u00e9 con\u00e7ue et r\u00e9alis\u00e9e gr\u00e2ce \u00e0 la collaboration de marques d&rsquo;excellence Made in Italy telles que Corradi, Emu et Varaschin. Situ\u00e9e au quatri\u00e8me \u00e9tage de l&rsquo;h\u00f4tel, vous pourrez observer le bleu de [&hellip;]","og_url":"https:\/\/www.myplacehotel.it\/fr\/mon-jardin-sur-le-toit\/","og_site_name":"My Place Hotel","article_modified_time":"2022-03-30T08:56:58+00:00","og_image":[{"width":2480,"height":1488,"url":"https:\/\/www.myplacehotel.it\/wp-content\/uploads\/2021\/04\/TERRAZZA-004.jpg","type":"image\/jpeg"}],"twitter_card":"summary_large_image","twitter_misc":{"Dur\u00e9e de lecture estim\u00e9e":"2 minutes"},"schema":{"@context":"https:\/\/schema.org","@graph":[{"@type":"WebPage","@id":"https:\/\/www.myplacehotel.it\/fr\/mon-jardin-sur-le-toit\/","url":"https:\/\/www.myplacehotel.it\/fr\/mon-jardin-sur-le-toit\/","name":"Mon Jardin sur le Toit - My Place Hotel","isPartOf":{"@id":"https:\/\/www.myplacehotel.it\/fr\/#website"},"primaryImageOfPage":{"@id":"https:\/\/www.myplacehotel.it\/fr\/mon-jardin-sur-le-toit\/#primaryimage"},"image":{"@id":"https:\/\/www.myplacehotel.it\/fr\/mon-jardin-sur-le-toit\/#primaryimage"},"thumbnailUrl":"https:\/\/www.myplacehotel.it\/wp-content\/uploads\/2023\/03\/7.png","datePublished":"2022-03-30T08:56:57+00:00","dateModified":"2022-03-30T08:56:58+00:00","breadcrumb":{"@id":"https:\/\/www.myplacehotel.it\/fr\/mon-jardin-sur-le-toit\/#breadcrumb"},"inLanguage":"fr-FR","potentialAction":[{"@type":"ReadAction","target":["https:\/\/www.myplacehotel.it\/fr\/mon-jardin-sur-le-toit\/"]}]},{"@type":"ImageObject","inLanguage":"fr-FR","@id":"https:\/\/www.myplacehotel.it\/fr\/mon-jardin-sur-le-toit\/#primaryimage","url":"https:\/\/www.myplacehotel.it\/wp-content\/uploads\/2023\/03\/7.png","contentUrl":"https:\/\/www.myplacehotel.it\/wp-content\/uploads\/2023\/03\/7.png","width":1600,"height":900},{"@type":"BreadcrumbList","@id":"https:\/\/www.myplacehotel.it\/fr\/mon-jardin-sur-le-toit\/#breadcrumb","itemListElement":[{"@type":"ListItem","position":1,"name":"Home","item":"https:\/\/www.myplacehotel.it\/fr\/"},{"@type":"ListItem","position":2,"name":"Mon Jardin sur le Toit"}]},{"@type":"WebSite","@id":"https:\/\/www.myplacehotel.it\/fr\/#website","url":"https:\/\/www.myplacehotel.it\/fr\/","name":"My Place Hotel","description":"","potentialAction":[{"@type":"SearchAction","target":{"@type":"EntryPoint","urlTemplate":"https:\/\/www.myplacehotel.it\/fr\/?s={search_term_string}"},"query-input":{"@type":"PropertyValueSpecification","valueRequired":true,"valueName":"search_term_string"}}],"inLanguage":"fr-FR"}]}},"_links":{"self":[{"href":"https:\/\/www.myplacehotel.it\/fr\/wp-json\/wp\/v2\/pages\/1075","targetHints":{"allow":["GET"]}}],"collection":[{"href":"https:\/\/www.myplacehotel.it\/fr\/wp-json\/wp\/v2\/pages"}],"about":[{"href":"https:\/\/www.myplacehotel.it\/fr\/wp-json\/wp\/v2\/types\/page"}],"author":[{"embeddable":true,"href":"https:\/\/www.myplacehotel.it\/fr\/wp-json\/wp\/v2\/users\/1"}],"replies":[{"embeddable":true,"href":"https:\/\/www.myplacehotel.it\/fr\/wp-json\/wp\/v2\/comments?post=1075"}],"version-history":[{"count":1,"href":"https:\/\/www.myplacehotel.it\/fr\/wp-json\/wp\/v2\/pages\/1075\/revisions"}],"predecessor-version":[{"id":1076,"href":"https:\/\/www.myplacehotel.it\/fr\/wp-json\/wp\/v2\/pages\/1075\/revisions\/1076"}],"wp:featuredmedia":[{"embeddable":true,"href":"https:\/\/www.myplacehotel.it\/fr\/wp-json\/wp\/v2\/media\/1656"}],"wp:attachment":[{"href":"https:\/\/www.myplacehotel.it\/fr\/wp-json\/wp\/v2\/media?parent=1075"}],"curies":[{"name":"wp","href":"https:\/\/api.w.org\/{rel}","templated":true}]}}