{"id":1133,"date":"2022-03-30T11:43:53","date_gmt":"2022-03-30T09:43:53","guid":{"rendered":"https:\/\/www.myplacehotel.it\/?page_id=1133"},"modified":"2023-05-16T15:39:47","modified_gmt":"2023-05-16T13:39:47","slug":"home","status":"publish","type":"page","link":"https:\/\/www.myplacehotel.it\/de\/","title":{"rendered":"Home"},"content":{"rendered":"<div id=\"gutenslider-9a4bfchns\" class=\"wp-block-eedee-block-gutenslider content-fixed alignfull arrow-style-1 arrow-position-sides arrow-mb-none arrows-lg-none arrows-md-none arrows-sm-none dot-style-1 dots-lg-none dots-md-none dots-sm-none dot-position-bottom is-position-center-center mb-none\" style=\"--gutenslider-min-height: 100vh;--gutenslider-arrow-size: 64px;--gutenslider-dot-size: 25px;--gutenslider-arrow-color: #ffffff;--gutenslider-dot-color: #ffffff;--gutenslider-padding-y-mobile: 40px;--gutenslider-padding-x-mobile: 40px;--gutenslider-padding-y-tablet: 40px;--gutenslider-padding-x-tablet: 40px;--gutenslider-padding-y-desktop: 40px;--gutenslider-padding-x-desktop: 40px;--gutenslider-bg-image: url();--gutenslider-min-height-md: 100vh;--gutenslider-min-height-sm: 50vh;--gutenslider-padding-x: 40px;--gutenslider-padding-x-md: 40px;--gutenslider-padding-x-sm: 20px;--gutenslider-padding-y: 40px;--gutenslider-padding-y-md: 40px;--gutenslider-padding-y-sm: 20px;--gutenslider-arrow-size-md: 30px;--gutenslider-arrow-size-sm: 30px;--gutenslider-dot-size-md: 25px;--gutenslider-dot-size-sm: 25px;--gutenslider-arrow-bg-color: transparent;--gutenslider-arrow-hover-color: #eeeeee;--gutenslider-arrow-bg-hover-color: transparent;--gutenslider-arrow-x-offset: 10px;--gutenslider-arrow-x-offset-md: 10px;--gutenslider-arrow-x-offset-sm: 10px;--gutenslider-arrow-y-offset: 0px;--gutenslider-arrow-y-offset-md: 0px;--gutenslider-arrow-y-offset-sm: 0px;--gutenslider-arrow-x-spacing: 0px;--gutenslider-dot-y-offset: 10px;--gutenslider-dot-y-offset-md: 10px;--gutenslider-dot-y-offset-sm: 10px;--gutenslider-margin-x: 0px;--gutenslider-margin-x-md: 0px;--gutenslider-margin-x-sm: 0px;--gutenslider-margin-y: 0px;--gutenslider-margin-y-md: 0px;--gutenslider-margin-y-sm: 0px;--gutenslider-divider-top: 60px;--gutenslider-divider-bottom: 60px;--gutenslider-lightgallery-bg: #ffffff;--gutenslider-lightgallery-font: #000000;\" data-parallax-direction=\"down\" data-parallax-amount=\"1.3\" data-lg-transition=\"lg-slide\" data-hash=\"\"><div class=\"eedee-swiper-outer\"><div class=\"gutenslider-divider-top\" style=\"color:#fff; height:60px;\"><\/div><div class=\"swiper\" data-settings='{\"autoplay\":false,\"speed\":700,\"direction\":\"horizontal\",\"autoHeight\":\"\",\"loop\":false,\"centeredSlides\":true,\"spaceBetween\":0,\"slidesPerView\":1,\"slidesPerGroup\":1,\"effect\":\"slide\",\"coverflowEffect\":{\"rotate\":30,\"slideShadows\":false,\"depth\":100,\"stretch\":50,\"modifier\":1},\"fadeEffect\":{\"crossFade\":true},\"zoom\":\"\",\"navigation\":{\"nextEl\":\"#gutenslider-9a4bfchns .eedee-gutenslider-next\",\"prevEl\":\"#gutenslider-9a4bfchns .eedee-gutenslider-prev\"},\"pagination\":{\"type\":\"bullets\",\"clickable\":true,\"dynamicBullets\":false,\"el\":\"#gutenslider-9a4bfchns .eedee-gutenslider-pagination\"},\"pauseOnHover\":\"1\",\"watchSlidesProgress\":true,\"watchSlidesVisibility\":true,\"settingsMd\":{\"autoHeight\":\"\",\"slidesPerView\":1,\"slidesPerGroup\":1,\"spaceBetween\":0},\"settingsLg\":{\"autoHeight\":\"\",\"slidesPerView\":1,\"slidesPerGroup\":1,\"spaceBetween\":0},\"hasLg\":false,\"hasLgCounter\":true,\"isFullScreen\":false,\"arrowsFollowMouse\":false,\"lgTitle\":\"none\",\"lgCaption\":\"none\",\"lgThumbnails\":true,\"keyboard\":false,\"hashNavigation\":false}'><div class=\"swiper-wrapper\">\n<div class=\"swiper-slide wp-block-eedee-block-gutenslide is-position-center-center ed-bg-image\" style=\"--ed-vw:300;--ed-vh:180;\" data-hash=\"\"><div class=\"eedee-background-div bg-image\"><img fetchpriority=\"high\" decoding=\"async\" width=\"1920\" height=\"1152\" class=\"swiper-lazy wp-image-1561\" src=\"https:\/\/www.myplacehotel.it\/wp-content\/uploads\/2023\/02\/myplace-rimini-foto-salottino-ok-1920x1152.jpg\" alt=\"\" style=\"object-fit: cover; object-position: 50% 50%;\"  data-title=\"myplace-rimini-foto-salottino-ok\" srcset=\"https:\/\/www.myplacehotel.it\/wp-content\/uploads\/2023\/02\/myplace-rimini-foto-salottino-ok-1920x1152.jpg 1920w, https:\/\/www.myplacehotel.it\/wp-content\/uploads\/2023\/02\/myplace-rimini-foto-salottino-ok-300x180.jpg 300w, https:\/\/www.myplacehotel.it\/wp-content\/uploads\/2023\/02\/myplace-rimini-foto-salottino-ok-768x461.jpg 768w, https:\/\/www.myplacehotel.it\/wp-content\/uploads\/2023\/02\/myplace-rimini-foto-salottino-ok-1600x960.jpg 1600w, https:\/\/www.myplacehotel.it\/wp-content\/uploads\/2023\/02\/myplace-rimini-foto-salottino-ok-1536x922.jpg 1536w, https:\/\/www.myplacehotel.it\/wp-content\/uploads\/2023\/02\/myplace-rimini-foto-salottino-ok-2048x1229.jpg 2048w\" sizes=\"(max-width: 1920px) 100vw, 1920px\" \/><div class=\"eedee-background-div__overlay\" style=\"opacity:1;\"><\/div><\/div><div class=\"slide-content\">\n\n<p class=\"has-text-align-center gutenslider-content-initial has-larger-font-size\"><\/p>\n\n<\/div><\/div>\n<\/div><\/div><div class=\"wp-block-eedee-gutenslider__content co-1\">\n<div class=\"swiper-slide wp-block-eedee-block-gutenslide is-position-center-center ed-bg-image\" style=\"--ed-vw:300;--ed-vh:180;\" data-hash=\"\"><div class=\"eedee-background-div bg-image\"><img fetchpriority=\"high\" decoding=\"async\" width=\"1920\" height=\"1152\" class=\"swiper-lazy wp-image-1561\" src=\"https:\/\/www.myplacehotel.it\/wp-content\/uploads\/2023\/02\/myplace-rimini-foto-salottino-ok-1920x1152.jpg\" alt=\"\" style=\"object-fit: cover; object-position: 50% 50%;\"  data-title=\"myplace-rimini-foto-salottino-ok\" srcset=\"https:\/\/www.myplacehotel.it\/wp-content\/uploads\/2023\/02\/myplace-rimini-foto-salottino-ok-1920x1152.jpg 1920w, https:\/\/www.myplacehotel.it\/wp-content\/uploads\/2023\/02\/myplace-rimini-foto-salottino-ok-300x180.jpg 300w, https:\/\/www.myplacehotel.it\/wp-content\/uploads\/2023\/02\/myplace-rimini-foto-salottino-ok-768x461.jpg 768w, https:\/\/www.myplacehotel.it\/wp-content\/uploads\/2023\/02\/myplace-rimini-foto-salottino-ok-1600x960.jpg 1600w, https:\/\/www.myplacehotel.it\/wp-content\/uploads\/2023\/02\/myplace-rimini-foto-salottino-ok-1536x922.jpg 1536w, https:\/\/www.myplacehotel.it\/wp-content\/uploads\/2023\/02\/myplace-rimini-foto-salottino-ok-2048x1229.jpg 2048w\" sizes=\"(max-width: 1920px) 100vw, 1920px\" \/><div class=\"eedee-background-div__overlay\" style=\"opacity:1;\"><\/div><\/div><div class=\"slide-content\">\n\n<p class=\"has-text-align-center gutenslider-content-initial has-larger-font-size\"><\/p>\n\n<\/div><\/div>\n<\/div><button class=\"eedee-gutenslider-nav eedee-gutenslider-prev\"><svg xmlns=\"http:\/\/www.w3.org\/2000\/svg\" viewBox=\"0 0 24 24\" width=\"24\" height=\"24\"><circle class=\"bg\" cx=\"13\" cy=\"12\" r=\"11\" \/><path fill=\"none\" d=\"M0 0h24v24H0z\"\/><path class=\"arrow\" d=\"M10.828 12l4.95 4.95-1.414 1.414L8 12l6.364-6.364 1.414 1.414z\"\/><\/svg><\/button><button class=\"eedee-gutenslider-nav eedee-gutenslider-next\"><svg xmlns=\"http:\/\/www.w3.org\/2000\/svg\" viewBox=\"0 0 24 24\" width=\"24\" height=\"24\"><circle class=\"bg\" cx=\"11\" cy=\"12\" r=\"11\" \/><path fill=\"none\" d=\"M0 0h24v24H0z\"\/><path class=\"arrow\" d=\"M13.172 12l-4.95-4.95 1.414-1.414L16 12l-6.364 6.364-1.414-1.414z\"\/><\/svg><\/button><div class=\"eedee-gutenslider-pagination\"><\/div><\/div><div class=\"gutenslider-divider-bottom \" style=\"color:#fff; height:60px;\"><\/div><\/div>\n\n\t\n\t\t<style>\n\t\t\t#bookingBanner{\n\t\t\t\tdisplay:none;\n\t\t\t}\n\t\t\t@media only screen and (max-width: 600px ) {\n\t\t\t\t#bookingBanner{\n\t\t\t\t\tposition: fixed;\n\t\t\t\t\twidth: 100%;\n\t\t\t\t\theight: 100px;\n\t\t\t\t\tbackground: #01271e;\n\t\t\t\t\tdisplay: block;\n\t\t\t\t\tz-index: 9999;\n\t\t\t\t\tbottom: 0;\n\t\t\t\t\tmargin: 0;\n\t\t\t\t\tpadding: 0;\n\t\t\t\t\tleft: 0;\n\t\t\t\t\ttext-align:center;\n\t\t\t\t\tdisplay:flex;\n\t\t\t\t\talign-items:center;\n\t\t\t\t\tjustify-content:center\n\t\t\t\t}\n\t\t\t\t.booking-form--wrapper{\n\t\t\t\t\tdisplay:none !important;\n\t\t\t\t}\n\t\t\t}\n\t\t<\/style>\n\t\t<div class=\"booking-form--wrapper container\">\n\t\t\t<div id=\"cinqueStelleBolContainer\" class=\"booking-form\"><\/div>\n\t\t<\/div>\n\n\t\t<div id=\"bookingBanner\">\n\t\t\t<a target=\"_blank\" href=\"https:\/\/www.secure-reservation.cloud\/booking-engine\/?portal=myplacehotel-rimini&lang=it\"><h3 style=\"color:#fff\">Verifica Disponibilit\u00e0<\/h3><\/a>\n\t\t<\/div>\n\t\n\n\n\n<div class=\"wp-block-columns container is-layout-flex wp-container-core-columns-is-layout-9d6595d7 wp-block-columns-is-layout-flex\">\n<div class=\"wp-block-column wow slideInLeft is-layout-flow wp-block-column-is-layout-flow\">\n<h2 class=\"wp-block-heading\">Willkommen<\/h2>\n\n\n\n<p>Das Projekt &#8222;My Place&#8220; entsteht aus dem Wunsch, die langj\u00e4hrige und famili\u00e4re Erfahrung des Hotels La Coccinella mit einem innovativen, jungen und umweltbewussten Konzept zu verbinden.<\/p>\n\n\n\n<p>Wir glauben, dass der ideale Urlaub frei von Einschr\u00e4nkungen und Sorgen sein soll. Deshalb sind wir davon \u00fcberzeugt, dass die G\u00e4ste ihren Urlaub nach ihren eigenen Bed\u00fcrfnissen gestalten sollen.<\/p>\n\n\n\n<p>Hier sind unsere Vorschl\u00e4ge f\u00fcr Sie..<\/p>\n<\/div>\n\n\n\n<div class=\"wp-block-column wow slideInRight is-layout-flow wp-block-column-is-layout-flow\">\n<figure class=\"wp-block-image size-large\"><img decoding=\"async\" width=\"2480\" height=\"1488\" src=\"https:\/\/www.myplacehotel.it\/wp-content\/uploads\/2022\/02\/2022-hotel-esterno.jpg\" alt=\"\" class=\"wp-image-795\" srcset=\"https:\/\/www.myplacehotel.it\/wp-content\/uploads\/2022\/02\/2022-hotel-esterno.jpg 2480w, https:\/\/www.myplacehotel.it\/wp-content\/uploads\/2022\/02\/2022-hotel-esterno-300x180.jpg 300w, https:\/\/www.myplacehotel.it\/wp-content\/uploads\/2022\/02\/2022-hotel-esterno-1024x614.jpg 1024w, https:\/\/www.myplacehotel.it\/wp-content\/uploads\/2022\/02\/2022-hotel-esterno-768x461.jpg 768w, https:\/\/www.myplacehotel.it\/wp-content\/uploads\/2022\/02\/2022-hotel-esterno-1600x960.jpg 1600w, https:\/\/www.myplacehotel.it\/wp-content\/uploads\/2022\/02\/2022-hotel-esterno-1536x922.jpg 1536w, https:\/\/www.myplacehotel.it\/wp-content\/uploads\/2022\/02\/2022-hotel-esterno-2048x1229.jpg 2048w\" sizes=\"(max-width: 2480px) 100vw, 2480px\" \/><\/figure>\n<\/div>\n<\/div>\n\n\n<div id=\"postcards_2-block_f4b6bc67fc7d366b2137247b16c492f3\" class=\"postcards--2\">\n\t<div class=\"container\">\n\t\t<div class=\"row\">\n\t\t\t\t\t\t<div class=\"col-md-6 col-12 postcard-col\">\n\t\t\t\t\t<a href=\"https:\/\/www.myplacehotel.it\/de\/rooms\/\">                    <div class=\"postcard border-color--green\">\n                        <div class=\"postcard--inner\">\n                            <div class=\"postcard--image\">\n                                <img decoding=\"async\" src=\"https:\/\/www.myplacehotel.it\/wp-content\/uploads\/2021\/05\/camera-.jpg\" alt=\"Rooms\" border=\"0\">\n                            <\/div>\n                            <div class=\"postcard--title background-color-alpha--green\">\n                                Rooms                            <\/div>\n                        <\/div>\n\t\t\t\t\t<\/div>\n\t\t\t\t\t<\/a>\t\t\t\t<\/div>\n\t\t\t\t\t\t\t\t<div class=\"col-md-6 col-12 postcard-col\">\n\t\t\t\t\t<a href=\"https:\/\/www.myplacehotel.it\/de\/breakfast-restaurant\/\">                    <div class=\"postcard border-color--green\">\n                        <div class=\"postcard--inner\">\n                            <div class=\"postcard--image\">\n                                <img decoding=\"async\" src=\"https:\/\/www.myplacehotel.it\/wp-content\/uploads\/2021\/05\/ristorante-colazione-1.jpg\" alt=\"Restaurant\" border=\"0\">\n                            <\/div>\n                            <div class=\"postcard--title background-color-alpha--green\">\n                                Restaurant                            <\/div>\n                        <\/div>\n\t\t\t\t\t<\/div>\n\t\t\t\t\t<\/a>\t\t\t\t<\/div>\n\t\t\t\t\t\t<\/div>\n\t<\/div>\n<\/div>\n\n\n\n<div id=\"postcards_2-block_dfdb704a44a353aaa9fe3dfbc19c9004\" class=\"postcards--2\">\n\t<div class=\"container\">\n\t\t<div class=\"row\">\n\t\t\t\t\t\t<div class=\"col-md-6 col-12 postcard-col\">\n\t\t\t\t\t<a href=\"https:\/\/www.myplacehotel.it\/de\/pool\/\">                    <div class=\"postcard border-color--brown--light\">\n                        <div class=\"postcard--inner\">\n                            <div class=\"postcard--image\">\n                                <img decoding=\"async\" src=\"https:\/\/www.myplacehotel.it\/wp-content\/uploads\/2021\/05\/pool-e1619977071971.jpg\" alt=\"Pool\" border=\"0\">\n                            <\/div>\n                            <div class=\"postcard--title background-color-alpha--brown--light\">\n                                Pool                            <\/div>\n                        <\/div>\n\t\t\t\t\t<\/div>\n\t\t\t\t\t<\/a>\t\t\t\t<\/div>\n\t\t\t\t\t\t\t\t<div class=\"col-md-6 col-12 postcard-col\">\n\t\t\t\t\t<a href=\"https:\/\/www.myplacehotel.it\/de\/my-rooftop-garden\/\">                    <div class=\"postcard border-color--green--lighter\">\n                        <div class=\"postcard--inner\">\n                            <div class=\"postcard--image\">\n                                <img decoding=\"async\" src=\"https:\/\/www.myplacehotel.it\/wp-content\/uploads\/2021\/05\/TERRAZZA-002B.jpg\" alt=\"My Rooftop Garden\" border=\"0\">\n                            <\/div>\n                            <div class=\"postcard--title background-color-alpha--green--lighter\">\n                                My Rooftop Garden                            <\/div>\n                        <\/div>\n\t\t\t\t\t<\/div>\n\t\t\t\t\t<\/a>\t\t\t\t<\/div>\n\t\t\t\t\t\t<\/div>\n\t<\/div>\n<\/div>\n\n\n\n<div id=\"postcards_2-block_652de4fc6cfb6c43ecd6afffd2167176\" class=\"postcards--2\">\n\t<div class=\"container\">\n\t\t<div class=\"row\">\n\t\t\t\t\t\t<div class=\"col-md-6 col-12 postcard-col\">\n\t\t\t\t\t<a href=\"https:\/\/www.myplacehotel.it\/de\/we-love-earth\/\">                    <div class=\"postcard border-color--brown--light\">\n                        <div class=\"postcard--inner\">\n                            <div class=\"postcard--image\">\n                                <img decoding=\"async\" src=\"https:\/\/www.myplacehotel.it\/wp-content\/uploads\/2022\/02\/2022-terrazza2.jpg\" alt=\"We Love Earth\" border=\"0\">\n                            <\/div>\n                            <div class=\"postcard--title background-color-alpha--brown--light\">\n                                We Love Earth                            <\/div>\n                        <\/div>\n\t\t\t\t\t<\/div>\n\t\t\t\t\t<\/a>\t\t\t\t<\/div>\n\t\t\t\t\t\t\t\t<div class=\"col-md-6 col-12 postcard-col\">\n\t\t\t\t\t<a href=\"https:\/\/www.myplacehotel.it\/de\/your-pet-your-hotel\/\">                    <div class=\"postcard border-color--green\">\n                        <div class=\"postcard--inner\">\n                            <div class=\"postcard--image\">\n                                <img decoding=\"async\" src=\"https:\/\/www.myplacehotel.it\/wp-content\/uploads\/2021\/05\/pet-friendly.jpg\" alt=\"Your Pet, your hotel\" border=\"0\">\n                            <\/div>\n                            <div class=\"postcard--title background-color-alpha--green\">\n                                Your Pet, your hotel                            <\/div>\n                        <\/div>\n\t\t\t\t\t<\/div>\n\t\t\t\t\t<\/a>\t\t\t\t<\/div>\n\t\t\t\t\t\t<\/div>\n\t<\/div>\n<\/div>\n\n\n\n<div id=\"postcards_2-block_d1613562f9296714a67a58ce1bbd693d\" class=\"postcards--2\">\n\t<div class=\"container\">\n\t\t<div class=\"row\">\n\t\t\t\t<\/div>\n\t<\/div>\n<\/div>\n\n\n\n<div id=\"postcards_icon_title-block_f6cfb7ff6503d9d461111a26c1220552\" class=\"postcards--icon-title wow pulse\">\n\t<div class=\"container\">\n\t\t<div class=\"row\">\n\n\t\t        <div class=\"col-12 postcards swiper\">\n            <div class=\"swiper-container swiper-container-postcards--icon-title wow pulse\">\n                <div class=\"swiper-wrapper\">\n\n                                <div class=\"swiper-slide\">\n                    <div class=\"postcard\">\n                        <div class=\"postcard--inner\">\n                            <div class=\"postcard--image\">\n                                <img decoding=\"async\" src=\"https:\/\/www.myplacehotel.it\/wp-content\/uploads\/2021\/05\/icona-reception.png\" alt=\"Wir freuen uns auf Sie &lt;i class=&quot;fa fa-heart&quot;&gt;&lt;\/i&gt;\" border=\"0\">\n                            <\/div>\n                            <div class=\"postcard--title\">\n                                Wir freuen uns auf Sie <i class=\"fa fa-heart\"><\/i>                            <\/div>\n                        <\/div>\n                    <\/div>\n                <\/div>\n                                <div class=\"swiper-slide\">\n                    <div class=\"postcard\">\n                        <div class=\"postcard--inner\">\n                            <div class=\"postcard--image\">\n                                <img decoding=\"async\" src=\"https:\/\/www.myplacehotel.it\/wp-content\/uploads\/2021\/05\/icona-camera.png\" alt=\"W\u00e4hlen Sie Ihr Zimmer\" border=\"0\">\n                            <\/div>\n                            <div class=\"postcard--title\">\n                                W\u00e4hlen Sie Ihr Zimmer                            <\/div>\n                        <\/div>\n                    <\/div>\n                <\/div>\n                                <div class=\"swiper-slide\">\n                    <div class=\"postcard\">\n                        <div class=\"postcard--inner\">\n                            <div class=\"postcard--image\">\n                                <img decoding=\"async\" src=\"https:\/\/www.myplacehotel.it\/wp-content\/uploads\/2021\/05\/icona-piscina.png\" alt=\"Schwimmbad im Gr\u00fcnen\" border=\"0\">\n                            <\/div>\n                            <div class=\"postcard--title\">\n                                Schwimmbad im Gr\u00fcnen                            <\/div>\n                        <\/div>\n                    <\/div>\n                <\/div>\n                                <div class=\"swiper-slide\">\n                    <div class=\"postcard\">\n                        <div class=\"postcard--inner\">\n                            <div class=\"postcard--image\">\n                                <img decoding=\"async\" src=\"https:\/\/www.myplacehotel.it\/wp-content\/uploads\/2021\/05\/icona-ristorante.png\" alt=\"Kulinarische Gen\u00fcsse f\u00fcr jeden Geschmack\" border=\"0\">\n                            <\/div>\n                            <div class=\"postcard--title\">\n                                Kulinarische Gen\u00fcsse f\u00fcr jeden Geschmack                            <\/div>\n                        <\/div>\n                    <\/div>\n                <\/div>\n                                <div class=\"swiper-slide\">\n                    <div class=\"postcard\">\n                        <div class=\"postcard--inner\">\n                            <div class=\"postcard--image\">\n                                <img decoding=\"async\" src=\"https:\/\/www.myplacehotel.it\/wp-content\/uploads\/2021\/05\/icona-parcheggio.png\" alt=\"Privater und eingez\u00e4unter Parkplatz\" border=\"0\">\n                            <\/div>\n                            <div class=\"postcard--title\">\n                                Privater und eingez\u00e4unter Parkplatz                            <\/div>\n                        <\/div>\n                    <\/div>\n                <\/div>\n                                <div class=\"swiper-slide\">\n                    <div class=\"postcard\">\n                        <div class=\"postcard--inner\">\n                            <div class=\"postcard--image\">\n                                <img decoding=\"async\" src=\"https:\/\/www.myplacehotel.it\/wp-content\/uploads\/2021\/05\/icona-cocktail.png\" alt=\"Eine atemberaubende Terrasse\" border=\"0\">\n                            <\/div>\n                            <div class=\"postcard--title\">\n                                Eine atemberaubende Terrasse                            <\/div>\n                        <\/div>\n                    <\/div>\n                <\/div>\n                \n                <\/div>\n            <\/div>\n            <div class=\"swiper-pagination\"><\/div>\n        <\/div>\n        \n\t\t<\/div>\n\t<\/div>\n<\/div>\n\n\n\n\n<div class=\"wp-block-cover alignfull map-cover\" style=\"min-height:450px;aspect-ratio:unset;\"><span aria-hidden=\"true\" class=\"has-background-dim-0 wp-block-cover__gradient-background has-background-dim\"><\/span><img decoding=\"async\" width=\"1366\" height=\"444\" class=\"wp-block-cover__image-background wp-image-866\" alt=\"\" src=\"https:\/\/www.myplacehotel.it\/wp-content\/uploads\/2022\/03\/myplacehotel-posizione-2022.jpg\" style=\"object-position:50% 75%\" data-object-fit=\"cover\" data-object-position=\"50% 75%\" srcset=\"https:\/\/www.myplacehotel.it\/wp-content\/uploads\/2022\/03\/myplacehotel-posizione-2022.jpg 1366w, https:\/\/www.myplacehotel.it\/wp-content\/uploads\/2022\/03\/myplacehotel-posizione-2022-300x98.jpg 300w, https:\/\/www.myplacehotel.it\/wp-content\/uploads\/2022\/03\/myplacehotel-posizione-2022-1024x333.jpg 1024w, https:\/\/www.myplacehotel.it\/wp-content\/uploads\/2022\/03\/myplacehotel-posizione-2022-768x250.jpg 768w\" sizes=\"(max-width: 1366px) 100vw, 1366px\" \/><div class=\"wp-block-cover__inner-container is-layout-flow wp-block-cover-is-layout-flow\">\n\n<p class=\"has-text-align-center font--secondary margin-top--m margin-bottom--none\"><\/p>\n\n<\/div><\/div>\n\n\n\n<h3 class=\"margin-top--xxl wp-block-heading\">Folge uns auf Instagram<\/h3>\n\n\n\n<div id=\"sb_instagram\"  class=\"sbi sbi_mob_col_1 sbi_tab_col_2 sbi_col_6\" style=\"width: 100%;\"\t data-feedid=\"*1\"  data-res=\"auto\" data-cols=\"6\" data-colsmobile=\"1\" data-colstablet=\"2\" data-num=\"6\" data-nummobile=\"\" data-item-padding=\"\"\t data-shortcode-atts=\"{}\"  data-postid=\"1133\" data-locatornonce=\"a82d3de423\" data-imageaspectratio=\"1:1\" data-sbi-flags=\"favorLocal\">\n\t\n\t<div id=\"sbi_images\" >\n\t\t<div class=\"sbi_item sbi_type_image sbi_new sbi_transition\"\n\tid=\"sbi_17964659234444105\" data-date=\"1684944017\">\n\t<div class=\"sbi_photo_wrap\">\n\t\t<a class=\"sbi_photo\" href=\"https:\/\/www.instagram.com\/p\/Csob5-NInxt\/\" target=\"_blank\" rel=\"noopener nofollow\"\n\t\t\tdata-full-res=\"https:\/\/scontent-mxp2-1.cdninstagram.com\/v\/t39.30808-6\/346266814_1227768564774210_7560107087816703390_n.jpg?_nc_cat=101&#038;ccb=1-7&#038;_nc_sid=8ae9d6&#038;_nc_ohc=_mAiqnSBnqcAX-suCmJ&#038;_nc_ht=scontent-mxp2-1.cdninstagram.com&#038;edm=ANo9K5cEAAAA&#038;oh=00_AfAJSwI9qjvjHCH4Ibl-0HKyh8gv6J_JOkkoZG7vajuZdQ&#038;oe=6473D211\"\n\t\t\tdata-img-src-set=\"{&quot;d&quot;:&quot;https:\\\/\\\/scontent-mxp2-1.cdninstagram.com\\\/v\\\/t39.30808-6\\\/346266814_1227768564774210_7560107087816703390_n.jpg?_nc_cat=101&amp;ccb=1-7&amp;_nc_sid=8ae9d6&amp;_nc_ohc=_mAiqnSBnqcAX-suCmJ&amp;_nc_ht=scontent-mxp2-1.cdninstagram.com&amp;edm=ANo9K5cEAAAA&amp;oh=00_AfAJSwI9qjvjHCH4Ibl-0HKyh8gv6J_JOkkoZG7vajuZdQ&amp;oe=6473D211&quot;,&quot;150&quot;:&quot;https:\\\/\\\/scontent-mxp2-1.cdninstagram.com\\\/v\\\/t39.30808-6\\\/346266814_1227768564774210_7560107087816703390_n.jpg?_nc_cat=101&amp;ccb=1-7&amp;_nc_sid=8ae9d6&amp;_nc_ohc=_mAiqnSBnqcAX-suCmJ&amp;_nc_ht=scontent-mxp2-1.cdninstagram.com&amp;edm=ANo9K5cEAAAA&amp;oh=00_AfAJSwI9qjvjHCH4Ibl-0HKyh8gv6J_JOkkoZG7vajuZdQ&amp;oe=6473D211&quot;,&quot;320&quot;:&quot;https:\\\/\\\/scontent-mxp2-1.cdninstagram.com\\\/v\\\/t39.30808-6\\\/346266814_1227768564774210_7560107087816703390_n.jpg?_nc_cat=101&amp;ccb=1-7&amp;_nc_sid=8ae9d6&amp;_nc_ohc=_mAiqnSBnqcAX-suCmJ&amp;_nc_ht=scontent-mxp2-1.cdninstagram.com&amp;edm=ANo9K5cEAAAA&amp;oh=00_AfAJSwI9qjvjHCH4Ibl-0HKyh8gv6J_JOkkoZG7vajuZdQ&amp;oe=6473D211&quot;,&quot;640&quot;:&quot;https:\\\/\\\/scontent-mxp2-1.cdninstagram.com\\\/v\\\/t39.30808-6\\\/346266814_1227768564774210_7560107087816703390_n.jpg?_nc_cat=101&amp;ccb=1-7&amp;_nc_sid=8ae9d6&amp;_nc_ohc=_mAiqnSBnqcAX-suCmJ&amp;_nc_ht=scontent-mxp2-1.cdninstagram.com&amp;edm=ANo9K5cEAAAA&amp;oh=00_AfAJSwI9qjvjHCH4Ibl-0HKyh8gv6J_JOkkoZG7vajuZdQ&amp;oe=6473D211&quot;}\">\n\t\t\t<span class=\"sbi-screenreader\">Cosa non faresti per i tuoi \ud835\uddee\ud835\uddfa\ud835\uddf6\ud835\uddf0\ud835\uddf6 \ud835\uddee \ud835\udff0 \ud835\ude07\ud835\uddee\ud835\uddfa\ud835\uddfd\ud835\uddf2 \ud83d\udc3e? Se <\/span>\n\t\t\t\t\t\t\t\t\t<img decoding=\"async\" src=\"https:\/\/www.myplacehotel.it\/wp-content\/plugins\/instagram-feed\/img\/placeholder.png\" alt=\"Cosa non faresti per i tuoi \ud835\uddee\ud835\uddfa\ud835\uddf6\ud835\uddf0\ud835\uddf6 \ud835\uddee \ud835\udff0 \ud835\ude07\ud835\uddee\ud835\uddfa\ud835\uddfd\ud835\uddf2 \ud83d\udc3e? Se sono i tuoi pi\u00f9 fidati compagni in vacanza, assicurati tutto il meglio per loro. Servizi su misura ed extra coccole in pi\u00f9: il \ud835\udde0\ud835\ude06\ud835\uddfd\ud835\uddf9\ud835\uddee\ud835\uddf0\ud835\uddf2 \u00e8 sempre dalla parte dei tuoi pelosetti. \n\nA dimostrarlo ti presentiamo Red, il nostro cucciolone\u2026 \ud835\udc5d\ud835\udc52\ud835\udc5f\ud835\udc50\u210e\ud835\udc52\u0301 \ud835\udc60\ud835\udc56\ud835\udc4e\ud835\udc5a\ud835\udc5c \ud835\udc5b\ud835\udc5c\ud835\udc56 \ud835\udc56\ud835\udc5b \ud835\udc5d\ud835\udc5f\ud835\udc56\ud835\udc5a\ud835\udc56\ud835\udc60 \ud835\udc56 \ud835\udc63\ud835\udc52\ud835\udc5f\ud835\udc56 \ud835\udc4e\ud835\udc5a\ud835\udc4e\ud835\udc5b\ud835\udc61\ud835\udc56 \ud835\udc51\ud835\udc52\ud835\udc54\ud835\udc59\ud835\udc56 \ud835\udc4e\ud835\udc5b\ud835\udc56\ud835\udc5a\ud835\udc4e\ud835\udc59\ud835\udc56!!!\n.\n.\n.\n.\n.\n.\n.\n#hotelmyplace #rimini #myrooftop #visitrimini #rimini\n#igersrimini #rimini\u2764\ufe0f #hotelrimini #rooftop #rooftoprimini #riminihotel\n#inemiliaromagna #visitromagna #romagnatravel\n#romagnamia #romagnadascoprire #rivieraromagnola\n#rivieraadriatica #visitaemiliaromagna\n#emiliaromagnaturismo #romagnagram #dog #pethotel\" aria-hidden=\"true\">\n\t\t<\/a>\n\t<\/div>\n<\/div><div class=\"sbi_item sbi_type_video sbi_new sbi_transition\"\n\tid=\"sbi_17957664812372530\" data-date=\"1683898916\">\n\t<div class=\"sbi_photo_wrap\">\n\t\t<a class=\"sbi_photo\" href=\"https:\/\/www.instagram.com\/reel\/CsJSQXToSaN\/\" target=\"_blank\" rel=\"noopener nofollow\"\n\t\t\tdata-full-res=\"https:\/\/scontent-mxp2-1.cdninstagram.com\/v\/t51.36329-15\/346245902_1096748185047063_3794009532509658461_n.jpg?_nc_cat=100&#038;ccb=1-7&#038;_nc_sid=8ae9d6&#038;_nc_ohc=ehCewfMzjBIAX9lrNqP&#038;_nc_ht=scontent-mxp2-1.cdninstagram.com&#038;edm=ANo9K5cEAAAA&#038;oh=00_AfBT5Y3q6s-MHjovXUvpKgeb1CI09KhpGMX97XlMWdKt6Q&#038;oe=64735DB2\"\n\t\t\tdata-img-src-set=\"{&quot;d&quot;:&quot;https:\\\/\\\/scontent-mxp2-1.cdninstagram.com\\\/v\\\/t51.36329-15\\\/346245902_1096748185047063_3794009532509658461_n.jpg?_nc_cat=100&amp;ccb=1-7&amp;_nc_sid=8ae9d6&amp;_nc_ohc=ehCewfMzjBIAX9lrNqP&amp;_nc_ht=scontent-mxp2-1.cdninstagram.com&amp;edm=ANo9K5cEAAAA&amp;oh=00_AfBT5Y3q6s-MHjovXUvpKgeb1CI09KhpGMX97XlMWdKt6Q&amp;oe=64735DB2&quot;,&quot;150&quot;:&quot;https:\\\/\\\/scontent-mxp2-1.cdninstagram.com\\\/v\\\/t51.36329-15\\\/346245902_1096748185047063_3794009532509658461_n.jpg?_nc_cat=100&amp;ccb=1-7&amp;_nc_sid=8ae9d6&amp;_nc_ohc=ehCewfMzjBIAX9lrNqP&amp;_nc_ht=scontent-mxp2-1.cdninstagram.com&amp;edm=ANo9K5cEAAAA&amp;oh=00_AfBT5Y3q6s-MHjovXUvpKgeb1CI09KhpGMX97XlMWdKt6Q&amp;oe=64735DB2&quot;,&quot;320&quot;:&quot;https:\\\/\\\/scontent-mxp2-1.cdninstagram.com\\\/v\\\/t51.36329-15\\\/346245902_1096748185047063_3794009532509658461_n.jpg?_nc_cat=100&amp;ccb=1-7&amp;_nc_sid=8ae9d6&amp;_nc_ohc=ehCewfMzjBIAX9lrNqP&amp;_nc_ht=scontent-mxp2-1.cdninstagram.com&amp;edm=ANo9K5cEAAAA&amp;oh=00_AfBT5Y3q6s-MHjovXUvpKgeb1CI09KhpGMX97XlMWdKt6Q&amp;oe=64735DB2&quot;,&quot;640&quot;:&quot;https:\\\/\\\/scontent-mxp2-1.cdninstagram.com\\\/v\\\/t51.36329-15\\\/346245902_1096748185047063_3794009532509658461_n.jpg?_nc_cat=100&amp;ccb=1-7&amp;_nc_sid=8ae9d6&amp;_nc_ohc=ehCewfMzjBIAX9lrNqP&amp;_nc_ht=scontent-mxp2-1.cdninstagram.com&amp;edm=ANo9K5cEAAAA&amp;oh=00_AfBT5Y3q6s-MHjovXUvpKgeb1CI09KhpGMX97XlMWdKt6Q&amp;oe=64735DB2&quot;}\">\n\t\t\t<span class=\"sbi-screenreader\">Sabato scorso abbiamo inaugurato il nostro \ud835\ude19\ud835\ude30\ud835\ude30\ud835\ude27\ud835\ude35\ud835\ude30\ud835\ude31<\/span>\n\t\t\t\t\t\t<svg style=\"color: rgba(255,255,255,1)\" class=\"svg-inline--fa fa-play fa-w-14 sbi_playbtn\" aria-label=\"Play\" aria-hidden=\"true\" data-fa-processed=\"\" data-prefix=\"fa\" data-icon=\"play\" role=\"presentation\" xmlns=\"http:\/\/www.w3.org\/2000\/svg\" viewBox=\"0 0 448 512\"><path fill=\"currentColor\" d=\"M424.4 214.7L72.4 6.6C43.8-10.3 0 6.1 0 47.9V464c0 37.5 40.7 60.1 72.4 41.3l352-208c31.4-18.5 31.5-64.1 0-82.6z\"><\/path><\/svg>\t\t\t<img decoding=\"async\" src=\"https:\/\/www.myplacehotel.it\/wp-content\/plugins\/instagram-feed\/img\/placeholder.png\" alt=\"Sabato scorso abbiamo inaugurato il nostro \ud835\ude19\ud835\ude30\ud835\ude30\ud835\ude27\ud835\ude35\ud835\ude30\ud835\ude31 \ud835\ude09\ud835\ude22\ud835\ude33, nato da una collaborazione speciale tra @myrooftop.rimini e @foyer.rimini\n\nSiete stati in tantissimi ad aver voluto provare l\u2019emozione di un cocktail ad un soffio dal cielo.\n\nPer chi ancora non l\u2019ha fatto, \u00e8 ora di prenotare una vacanza al \ud835\udde0\ud835\ude06 \ud835\udde3\ud835\uddf9\ud835\uddee\ud835\uddf0\ud835\uddf2 \ud835\udddb\ud835\uddfc\ud835\ude01\ud835\uddf2\ud835\uddf9 e fare una scorta di tramonti con vista infinita su Rimini.\n\n\ud835\udde3\ud835\uddf2\ud835\uddff \ud835\uddf6\ud835\uddfb\ud835\uddf3\ud835\uddfc \ud835\uddf2 \ud835\uddef\ud835\uddfc\ud835\uddfc\ud835\uddf8\ud835\uddf6\ud835\uddfb\ud835\uddf4\ud835\ude00\n\ud83d\udcde +39 0541 23982\n\ud83d\udc49 link in BIO\n\n.\n.\n.\n.\n.\n.\n.\n#hotelmyplace #rimini #myrooftop #visitrimini #rimini\n#igersrimini #rimini\u2764\ufe0f #hotelrimini #aperitivi\n#aperitivorimini #rooftop #rooftoprimini #riminihotel\n#inemiliaromagna #visitromagna #romagnatravel\n#romagnamia #romagnadascoprire #rivieraromagnola\n#rivieraadriatica #visitaemiliaromagna\n#emiliaromagnaturismo #romagnagram\" aria-hidden=\"true\">\n\t\t<\/a>\n\t<\/div>\n<\/div><div class=\"sbi_item sbi_type_image sbi_new sbi_transition\"\n\tid=\"sbi_17887450022776952\" data-date=\"1683295340\">\n\t<div class=\"sbi_photo_wrap\">\n\t\t<a class=\"sbi_photo\" href=\"https:\/\/www.instagram.com\/p\/Cr3TTcxI3J4\/\" target=\"_blank\" rel=\"noopener nofollow\"\n\t\t\tdata-full-res=\"https:\/\/scontent-mxp2-1.cdninstagram.com\/v\/t51.29350-15\/345070814_1316485175597423_4731414196087951224_n.webp?stp=dst-jpg&#038;_nc_cat=105&#038;ccb=1-7&#038;_nc_sid=8ae9d6&#038;_nc_ohc=ktiW7h7dd7IAX9Y1LLP&#038;_nc_ht=scontent-mxp2-1.cdninstagram.com&#038;edm=ANo9K5cEAAAA&#038;oh=00_AfABJQnZdhmPBZ11fHp--gUOIbsx6ZpjeHkXFKFYZ_yutQ&#038;oe=6473D0D7\"\n\t\t\tdata-img-src-set=\"{&quot;d&quot;:&quot;https:\\\/\\\/scontent-mxp2-1.cdninstagram.com\\\/v\\\/t51.29350-15\\\/345070814_1316485175597423_4731414196087951224_n.webp?stp=dst-jpg&amp;_nc_cat=105&amp;ccb=1-7&amp;_nc_sid=8ae9d6&amp;_nc_ohc=ktiW7h7dd7IAX9Y1LLP&amp;_nc_ht=scontent-mxp2-1.cdninstagram.com&amp;edm=ANo9K5cEAAAA&amp;oh=00_AfABJQnZdhmPBZ11fHp--gUOIbsx6ZpjeHkXFKFYZ_yutQ&amp;oe=6473D0D7&quot;,&quot;150&quot;:&quot;https:\\\/\\\/scontent-mxp2-1.cdninstagram.com\\\/v\\\/t51.29350-15\\\/345070814_1316485175597423_4731414196087951224_n.webp?stp=dst-jpg&amp;_nc_cat=105&amp;ccb=1-7&amp;_nc_sid=8ae9d6&amp;_nc_ohc=ktiW7h7dd7IAX9Y1LLP&amp;_nc_ht=scontent-mxp2-1.cdninstagram.com&amp;edm=ANo9K5cEAAAA&amp;oh=00_AfABJQnZdhmPBZ11fHp--gUOIbsx6ZpjeHkXFKFYZ_yutQ&amp;oe=6473D0D7&quot;,&quot;320&quot;:&quot;https:\\\/\\\/scontent-mxp2-1.cdninstagram.com\\\/v\\\/t51.29350-15\\\/345070814_1316485175597423_4731414196087951224_n.webp?stp=dst-jpg&amp;_nc_cat=105&amp;ccb=1-7&amp;_nc_sid=8ae9d6&amp;_nc_ohc=ktiW7h7dd7IAX9Y1LLP&amp;_nc_ht=scontent-mxp2-1.cdninstagram.com&amp;edm=ANo9K5cEAAAA&amp;oh=00_AfABJQnZdhmPBZ11fHp--gUOIbsx6ZpjeHkXFKFYZ_yutQ&amp;oe=6473D0D7&quot;,&quot;640&quot;:&quot;https:\\\/\\\/scontent-mxp2-1.cdninstagram.com\\\/v\\\/t51.29350-15\\\/345070814_1316485175597423_4731414196087951224_n.webp?stp=dst-jpg&amp;_nc_cat=105&amp;ccb=1-7&amp;_nc_sid=8ae9d6&amp;_nc_ohc=ktiW7h7dd7IAX9Y1LLP&amp;_nc_ht=scontent-mxp2-1.cdninstagram.com&amp;edm=ANo9K5cEAAAA&amp;oh=00_AfABJQnZdhmPBZ11fHp--gUOIbsx6ZpjeHkXFKFYZ_yutQ&amp;oe=6473D0D7&quot;}\">\n\t\t\t<span class=\"sbi-screenreader\">\ud83c\udf07 \ud835\uddd9\ud835\uddfc\ud835\uddf9\ud835\uddf9\ud835\uddfc\ud835\ude04 \ud835\ude01\ud835\uddf5\ud835\uddf2 \ud835\ude00\ud835\ude02\ud835\uddfb &amp; \ud835\ude00\ud835\uddee\ud835\ude03\ud835\uddf2 \ud835\ude01\ud835\uddf5\ud835\uddf2 \ud835\uddf1\ud835\uddee\ud835\ude01\ud835\uddf2 &gt; \ud835\udfec\ud835\udff3.\n\ud835\udfec\ud835\udff1.\ud835\udfee\ud835\udfec\ud835\udfee\ud835\udfef \ud83c\udf07\n\n<\/span>\n\t\t\t\t\t\t\t\t\t<img decoding=\"async\" src=\"https:\/\/www.myplacehotel.it\/wp-content\/plugins\/instagram-feed\/img\/placeholder.png\" alt=\"\ud83c\udf07 \ud835\uddd9\ud835\uddfc\ud835\uddf9\ud835\uddf9\ud835\uddfc\ud835\ude04 \ud835\ude01\ud835\uddf5\ud835\uddf2 \ud835\ude00\ud835\ude02\ud835\uddfb &amp; \ud835\ude00\ud835\uddee\ud835\ude03\ud835\uddf2 \ud835\ude01\ud835\uddf5\ud835\uddf2 \ud835\uddf1\ud835\uddee\ud835\ude01\ud835\uddf2 &gt; \ud835\udfec\ud835\udff3.\n\ud835\udfec\ud835\udff1.\ud835\udfee\ud835\udfec\ud835\udfee\ud835\udfef \ud83c\udf07\n\nDal 7 maggio inauguriamo il nostro @myrooftop.rimini\nall&#039;ultimo piano del My Place Hotel: un cocktail bar\ninnovativo e unico nel panorama di Rimini.\n\nTi aspettiamo al My Place Hotel per le tue vacanze\nestive in riviera.\n\nPer info e bookings\n\ud83d\udcde +39 0541 23982\n\ud83d\udc49 link in BIO\n\n.\n.\n.\n.\n.\n.\n.\n#hotelmyplace #rimini #myrooftop #visitrimini #rimini\n#igersrimini #rimini\u2764\ufe0f #hotelrimini #aperitivi\n#aperitivorimini #rooftop #rooftoprimini #riminihotel\n#inemiliaromagna #visitromagna #romagnatravel\n#romagnamia #romagnadascoprire #rivieraromagnola\n#rivieraadriatica #visitaemiliaromagna\n#emiliaromagnaturismo #romagnagram\" aria-hidden=\"true\">\n\t\t<\/a>\n\t<\/div>\n<\/div><div class=\"sbi_item sbi_type_image sbi_new sbi_transition\"\n\tid=\"sbi_17923134392696013\" data-date=\"1682173083\">\n\t<div class=\"sbi_photo_wrap\">\n\t\t<a class=\"sbi_photo\" href=\"https:\/\/www.instagram.com\/p\/CrV2xQYoOVa\/\" target=\"_blank\" rel=\"noopener nofollow\"\n\t\t\tdata-full-res=\"https:\/\/scontent-mxp2-1.cdninstagram.com\/v\/t51.29350-15\/342546685_181968438050070_2465541222215337877_n.webp?stp=dst-jpg&#038;_nc_cat=110&#038;ccb=1-7&#038;_nc_sid=8ae9d6&#038;_nc_ohc=eMlB12fWnmMAX8kr1Od&#038;_nc_ht=scontent-mxp2-1.cdninstagram.com&#038;edm=ANo9K5cEAAAA&#038;oh=00_AfBbw2lpean-zBynUj4IAeGRtr8AAjsiYEWMaWCCZ5fwhQ&#038;oe=6473FFC6\"\n\t\t\tdata-img-src-set=\"{&quot;d&quot;:&quot;https:\\\/\\\/scontent-mxp2-1.cdninstagram.com\\\/v\\\/t51.29350-15\\\/342546685_181968438050070_2465541222215337877_n.webp?stp=dst-jpg&amp;_nc_cat=110&amp;ccb=1-7&amp;_nc_sid=8ae9d6&amp;_nc_ohc=eMlB12fWnmMAX8kr1Od&amp;_nc_ht=scontent-mxp2-1.cdninstagram.com&amp;edm=ANo9K5cEAAAA&amp;oh=00_AfBbw2lpean-zBynUj4IAeGRtr8AAjsiYEWMaWCCZ5fwhQ&amp;oe=6473FFC6&quot;,&quot;150&quot;:&quot;https:\\\/\\\/scontent-mxp2-1.cdninstagram.com\\\/v\\\/t51.29350-15\\\/342546685_181968438050070_2465541222215337877_n.webp?stp=dst-jpg&amp;_nc_cat=110&amp;ccb=1-7&amp;_nc_sid=8ae9d6&amp;_nc_ohc=eMlB12fWnmMAX8kr1Od&amp;_nc_ht=scontent-mxp2-1.cdninstagram.com&amp;edm=ANo9K5cEAAAA&amp;oh=00_AfBbw2lpean-zBynUj4IAeGRtr8AAjsiYEWMaWCCZ5fwhQ&amp;oe=6473FFC6&quot;,&quot;320&quot;:&quot;https:\\\/\\\/scontent-mxp2-1.cdninstagram.com\\\/v\\\/t51.29350-15\\\/342546685_181968438050070_2465541222215337877_n.webp?stp=dst-jpg&amp;_nc_cat=110&amp;ccb=1-7&amp;_nc_sid=8ae9d6&amp;_nc_ohc=eMlB12fWnmMAX8kr1Od&amp;_nc_ht=scontent-mxp2-1.cdninstagram.com&amp;edm=ANo9K5cEAAAA&amp;oh=00_AfBbw2lpean-zBynUj4IAeGRtr8AAjsiYEWMaWCCZ5fwhQ&amp;oe=6473FFC6&quot;,&quot;640&quot;:&quot;https:\\\/\\\/scontent-mxp2-1.cdninstagram.com\\\/v\\\/t51.29350-15\\\/342546685_181968438050070_2465541222215337877_n.webp?stp=dst-jpg&amp;_nc_cat=110&amp;ccb=1-7&amp;_nc_sid=8ae9d6&amp;_nc_ohc=eMlB12fWnmMAX8kr1Od&amp;_nc_ht=scontent-mxp2-1.cdninstagram.com&amp;edm=ANo9K5cEAAAA&amp;oh=00_AfBbw2lpean-zBynUj4IAeGRtr8AAjsiYEWMaWCCZ5fwhQ&amp;oe=6473FFC6&quot;}\">\n\t\t\t<span class=\"sbi-screenreader\">22 aprile - Giornata Mondiale della Terra \ud83c\udf3f\n\nSiamo<\/span>\n\t\t\t\t\t\t\t\t\t<img decoding=\"async\" src=\"https:\/\/www.myplacehotel.it\/wp-content\/plugins\/instagram-feed\/img\/placeholder.png\" alt=\"22 aprile - Giornata Mondiale della Terra \ud83c\udf3f\n\nSiamo tutti ospiti del pianeta terra e noi del MyPlace\ud835\uddf0\ud835\uddf6 \ud835\uddf6\ud835\uddfa\ud835\uddfd\ud835\uddf2\ud835\uddf4\ud835\uddfb\ud835\uddf6\ud835\uddee\ud835\uddfa\ud835\uddfc - \ud835\ude03\ud835\uddf2\ud835\uddff\ud835\uddee\ud835\uddfa\ud835\uddf2\ud835\uddfb\ud835\ude01\ud835\uddf2 - \ud835\ude01\ud835\ude02\ud835\ude01\ud835\ude01\ud835\uddf6 \ud835\uddf6 \ud835\uddf4\ud835\uddf6\ud835\uddfc\ud835\uddff\ud835\uddfb\ud835\uddf6 \ud835\uddfd\ud835\uddf2\ud835\uddff \ud835\uddfd\ud835\uddff\ud835\uddf2\ud835\ude00\ud835\uddf2\ud835\uddff\ud835\ude03\ud835\uddee\ud835\uddff\ud835\uddf9\ud835\uddfc, analizzando continuamente i risultati delle azioni che mettiamo in campo per risparmiare emissioni. \n\nQuando abbiamo pensato a ci\u00f2 che volevamo per il MyPlace ci era chiaro che dovevamo avere il focus sulla sostenibilit\u00e0 ambientale. Il risultato? \ud835\udde6\ud835\uddf6\ud835\uddee\ud835\uddfa\ud835\uddfc \ud835\uddff\ud835\uddf6\ud835\ude02\ud835\ude00\ud835\uddf0\ud835\uddf6\ud835\ude01\ud835\uddf6 \ud835\uddf3\ud835\uddf6\ud835\uddfb\ud835\uddfc \ud835\uddee\ud835\uddf1 \ud835\uddfc\ud835\uddff\ud835\uddee \ud835\uddee \ud835\uddff\ud835\uddf6\ud835\ude00\ud835\uddfd\ud835\uddee\ud835\uddff\ud835\uddfa\ud835\uddf6\ud835\uddee\ud835\uddff\ud835\uddf2 \ud835\uddf3\ud835\uddf6\ud835\uddfb\ud835\uddfc \ud835\uddee \ud835\udfee.\ud835\udfec\ud835\udfec\ud835\udfec \ud835\uddf8\ud835\uddf4 \ud835\uddf1\ud835\uddf6 \ud835\uddd6\ud835\udde2\ud835\udfee \ud835\uddf2\ud835\uddfe\ud835\ude02\ud835\uddf6\ud835\ude03\ud835\uddee\ud835\uddf9\ud835\uddf2\ud835\uddfb\ud835\ude01\ud835\uddf6 \ud835\uddee \ud835\udff1\ud835\udff2 \ud835\uddee\ud835\uddf9\ud835\uddef\ud835\uddf2\ud835\uddff\ud835\uddf6 \ud835\uddfd\ud835\uddf6\ud835\uddee\ud835\uddfb\ud835\ude01\ud835\uddee\ud835\ude01\ud835\uddf6!\n\nL\u2019emergenza ambientale non \u00e8 una storia facile da raccontare, ma noi crediamo ogni giorno al capitolo finale \u2018\u2026. \ud835\udc52 \ud835\udc63\ud835\udc56\ud835\udc60\ud835\udc60\ud835\udc52\ud835\udc5f\ud835\udc5c \ud835\udc61\ud835\udc62\ud835\udc61\ud835\udc61\ud835\udc56 \ud835\udc53\ud835\udc52\ud835\udc59\ud835\udc56\ud835\udc50\ud835\udc56 \ud835\udc52 \ud835\udc50\ud835\udc5c\ud835\udc5b\ud835\udc61\ud835\udc52\ud835\udc5b\ud835\udc61\ud835\udc56\u2019\n.\n.\n.\n.\n.\n#giornatamondialedellaterra #earthday #hotelmyplace #rimini #myrooftop #inemiliaromagna #visitromagna #romagnatravel #romagnamia #romagnadascoprire #rivieraromagnola #rivieraadriatica #rivieraadriaticadiromagna #vacanzeitaliane #vacanzeromagnole #vacanzerivieraromagnola #visitaemiliaromagna #emiliaromagnaturismo #romagnagram #visitrimini #rimini #igersrimini #rimini\u2764\ufe0f #riminiitaly #hotelromagna #hotelrimini #riminihotel\" aria-hidden=\"true\">\n\t\t<\/a>\n\t<\/div>\n<\/div><div class=\"sbi_item sbi_type_image sbi_new sbi_transition\"\n\tid=\"sbi_17984580283961956\" data-date=\"1680864329\">\n\t<div class=\"sbi_photo_wrap\">\n\t\t<a class=\"sbi_photo\" href=\"https:\/\/www.instagram.com\/p\/Cqu2hK6ANGm\/\" target=\"_blank\" rel=\"noopener nofollow\"\n\t\t\tdata-full-res=\"https:\/\/scontent-mxp1-1.cdninstagram.com\/v\/t39.30808-6\/340235911_990898098736437_4957070973110780091_n.jpg?_nc_cat=102&#038;ccb=1-7&#038;_nc_sid=8ae9d6&#038;_nc_ohc=h79G4qOqAVYAX8sz-rV&#038;_nc_ht=scontent-mxp1-1.cdninstagram.com&#038;edm=ANo9K5cEAAAA&#038;oh=00_AfCJRL8ArJZwdkIA2CIwMzQhuuCxzUh-VYXyfIZ9cAKZTQ&#038;oe=647300DE\"\n\t\t\tdata-img-src-set=\"{&quot;d&quot;:&quot;https:\\\/\\\/scontent-mxp1-1.cdninstagram.com\\\/v\\\/t39.30808-6\\\/340235911_990898098736437_4957070973110780091_n.jpg?_nc_cat=102&amp;ccb=1-7&amp;_nc_sid=8ae9d6&amp;_nc_ohc=h79G4qOqAVYAX8sz-rV&amp;_nc_ht=scontent-mxp1-1.cdninstagram.com&amp;edm=ANo9K5cEAAAA&amp;oh=00_AfCJRL8ArJZwdkIA2CIwMzQhuuCxzUh-VYXyfIZ9cAKZTQ&amp;oe=647300DE&quot;,&quot;150&quot;:&quot;https:\\\/\\\/scontent-mxp1-1.cdninstagram.com\\\/v\\\/t39.30808-6\\\/340235911_990898098736437_4957070973110780091_n.jpg?_nc_cat=102&amp;ccb=1-7&amp;_nc_sid=8ae9d6&amp;_nc_ohc=h79G4qOqAVYAX8sz-rV&amp;_nc_ht=scontent-mxp1-1.cdninstagram.com&amp;edm=ANo9K5cEAAAA&amp;oh=00_AfCJRL8ArJZwdkIA2CIwMzQhuuCxzUh-VYXyfIZ9cAKZTQ&amp;oe=647300DE&quot;,&quot;320&quot;:&quot;https:\\\/\\\/scontent-mxp1-1.cdninstagram.com\\\/v\\\/t39.30808-6\\\/340235911_990898098736437_4957070973110780091_n.jpg?_nc_cat=102&amp;ccb=1-7&amp;_nc_sid=8ae9d6&amp;_nc_ohc=h79G4qOqAVYAX8sz-rV&amp;_nc_ht=scontent-mxp1-1.cdninstagram.com&amp;edm=ANo9K5cEAAAA&amp;oh=00_AfCJRL8ArJZwdkIA2CIwMzQhuuCxzUh-VYXyfIZ9cAKZTQ&amp;oe=647300DE&quot;,&quot;640&quot;:&quot;https:\\\/\\\/scontent-mxp1-1.cdninstagram.com\\\/v\\\/t39.30808-6\\\/340235911_990898098736437_4957070973110780091_n.jpg?_nc_cat=102&amp;ccb=1-7&amp;_nc_sid=8ae9d6&amp;_nc_ohc=h79G4qOqAVYAX8sz-rV&amp;_nc_ht=scontent-mxp1-1.cdninstagram.com&amp;edm=ANo9K5cEAAAA&amp;oh=00_AfCJRL8ArJZwdkIA2CIwMzQhuuCxzUh-VYXyfIZ9cAKZTQ&amp;oe=647300DE&quot;}\">\n\t\t\t<span class=\"sbi-screenreader\">A Pasqua tutto \u00e8 pi\u00f9 dolce e la citt\u00e0 ti sorride. <\/span>\n\t\t\t\t\t\t\t\t\t<img decoding=\"async\" src=\"https:\/\/www.myplacehotel.it\/wp-content\/plugins\/instagram-feed\/img\/placeholder.png\" alt=\"A Pasqua tutto \u00e8 pi\u00f9 dolce e la citt\u00e0 ti sorride. \ud83d\udd4a Un auguri a te, per una festivit\u00e0 passata sempre \u2018con chi vuoi\u2019, qui a Rimini, al MyPlace Hotel.\n.\n.\n.\n.\n.\n.\n.\n.\n.\n.\n#pasqua #vacanzedipasqua #pasqua2023 #hotelmyplace #rimini #myrooftop #inemiliaromagna #visitromagna #romagnatravel #romagnamia #romagnadascoprire #rivieraromagnola #rivieraadriatica #rivieraadriaticadiromagna #vacanzeitaliane #vacanzeromagnole #vacanzerivieraromagnola #emiliaromagnaturismo #romagnagram #visitrimini #rimini #volgorimini #igersrimini #rimini\u2764\ufe0f #riminiitaly #hotelromagna #hotelrimini #riminihotel\" aria-hidden=\"true\">\n\t\t<\/a>\n\t<\/div>\n<\/div><div class=\"sbi_item sbi_type_image sbi_new sbi_transition\"\n\tid=\"sbi_18028948630479763\" data-date=\"1679333236\">\n\t<div class=\"sbi_photo_wrap\">\n\t\t<a class=\"sbi_photo\" href=\"https:\/\/www.instagram.com\/p\/CqBOMH1Iu5O\/\" target=\"_blank\" rel=\"noopener nofollow\"\n\t\t\tdata-full-res=\"https:\/\/scontent-mxp1-1.cdninstagram.com\/v\/t39.30808-6\/337125916_1203102843905690_756501007110313508_n.jpg?_nc_cat=102&#038;ccb=1-7&#038;_nc_sid=8ae9d6&#038;_nc_ohc=xY-0_f-h-n4AX_A6B-L&#038;_nc_ht=scontent-mxp1-1.cdninstagram.com&#038;edm=ANo9K5cEAAAA&#038;oh=00_AfA97Twl9h59qVOZaLyC7SxYbxUXAH7q7WXL3GFgXKSlPw&#038;oe=6473DAAD\"\n\t\t\tdata-img-src-set=\"{&quot;d&quot;:&quot;https:\\\/\\\/scontent-mxp1-1.cdninstagram.com\\\/v\\\/t39.30808-6\\\/337125916_1203102843905690_756501007110313508_n.jpg?_nc_cat=102&amp;ccb=1-7&amp;_nc_sid=8ae9d6&amp;_nc_ohc=xY-0_f-h-n4AX_A6B-L&amp;_nc_ht=scontent-mxp1-1.cdninstagram.com&amp;edm=ANo9K5cEAAAA&amp;oh=00_AfA97Twl9h59qVOZaLyC7SxYbxUXAH7q7WXL3GFgXKSlPw&amp;oe=6473DAAD&quot;,&quot;150&quot;:&quot;https:\\\/\\\/scontent-mxp1-1.cdninstagram.com\\\/v\\\/t39.30808-6\\\/337125916_1203102843905690_756501007110313508_n.jpg?_nc_cat=102&amp;ccb=1-7&amp;_nc_sid=8ae9d6&amp;_nc_ohc=xY-0_f-h-n4AX_A6B-L&amp;_nc_ht=scontent-mxp1-1.cdninstagram.com&amp;edm=ANo9K5cEAAAA&amp;oh=00_AfA97Twl9h59qVOZaLyC7SxYbxUXAH7q7WXL3GFgXKSlPw&amp;oe=6473DAAD&quot;,&quot;320&quot;:&quot;https:\\\/\\\/scontent-mxp1-1.cdninstagram.com\\\/v\\\/t39.30808-6\\\/337125916_1203102843905690_756501007110313508_n.jpg?_nc_cat=102&amp;ccb=1-7&amp;_nc_sid=8ae9d6&amp;_nc_ohc=xY-0_f-h-n4AX_A6B-L&amp;_nc_ht=scontent-mxp1-1.cdninstagram.com&amp;edm=ANo9K5cEAAAA&amp;oh=00_AfA97Twl9h59qVOZaLyC7SxYbxUXAH7q7WXL3GFgXKSlPw&amp;oe=6473DAAD&quot;,&quot;640&quot;:&quot;https:\\\/\\\/scontent-mxp1-1.cdninstagram.com\\\/v\\\/t39.30808-6\\\/337125916_1203102843905690_756501007110313508_n.jpg?_nc_cat=102&amp;ccb=1-7&amp;_nc_sid=8ae9d6&amp;_nc_ohc=xY-0_f-h-n4AX_A6B-L&amp;_nc_ht=scontent-mxp1-1.cdninstagram.com&amp;edm=ANo9K5cEAAAA&amp;oh=00_AfA97Twl9h59qVOZaLyC7SxYbxUXAH7q7WXL3GFgXKSlPw&amp;oe=6473DAAD&quot;}\">\n\t\t\t<span class=\"sbi-screenreader\">Da oggi parte ufficialmente la primavera. Le giorn<\/span>\n\t\t\t\t\t\t\t\t\t<img decoding=\"async\" src=\"https:\/\/www.myplacehotel.it\/wp-content\/plugins\/instagram-feed\/img\/placeholder.png\" alt=\"Da oggi parte ufficialmente la primavera. Le giornate si allungano, le temperature si alzano e la voglia di passare del tempo all\u2019aria aperta \u00e8 sempre pi\u00f9 grande. \ud83c\udf1e\n\nCi pensiamo noi del \ud835\udde0\ud835\ude06\ud835\uddfd\ud835\uddf9\ud835\uddee\ud835\uddf0\ud835\uddf2 \ud835\udddb\ud835\uddfc\ud835\ude01\ud835\uddf2\ud835\uddf9 a proporti un\u2019esperienza unica: \u210e\ud835\udc4e\ud835\udc56 \ud835\udc5a\ud835\udc4e\ud835\udc56 \ud835\udc60\ud835\udc52\ud835\udc5b\ud835\udc61\ud835\udc56\ud835\udc61\ud835\udc5c \ud835\udc5d\ud835\udc4e\ud835\udc5f\ud835\udc59\ud835\udc4e\ud835\udc5f\ud835\udc52 \ud835\udc51\ud835\udc52\ud835\udc59 \ud835\udc91\ud835\udc82\ud835\udc85\ud835\udc86\ud835\udc8d? Qui in Romagna \u00e8 uno sport che sta spopolando perch\u00e9, come tutto quello che \u00e8 movimento, mantiene uno stato di salute fisica e mentale. \ud83c\udfbe\n\nTi abbiamo fatto venire voglia di prenotare una vacanza? Butta un occhio alla nostra promo per i ponti di primavera in bio.\n\n.\n.\n.\n.\n.\n.\n.\n.\n.\n#hotelmyplace #rimini #myrooftop #inemiliaromagna #visitromagna #romagnatravel #romagnamia #romagnadascoprire #rivieraromagnola #rivieraadriatica #rivieraadriaticadiromagna #vacanzeitaliane #vacanzeromagnole #vacanzerivieraromagnola #padel #emiliaromagnaturismo #romagnagram #visitrimini #rimini #volgorimini #igersrimini #rimini\u2764\ufe0f #riminiitaly #hotelromagna #hotelrimini #riminihotel\" aria-hidden=\"true\">\n\t\t<\/a>\n\t<\/div>\n<\/div>\t<\/div>\n\n\t<div id=\"sbi_load\" >\n\n\t\n\t\n<\/div>\n\t\t<span class=\"sbi_resized_image_data\" data-feed-id=\"*1\"\n\t\t  data-resized=\"{&quot;18028948630479763&quot;:{&quot;id&quot;:&quot;337125916_1203102843905690_756501007110313508_n&quot;,&quot;ratio&quot;:&quot;1.00&quot;,&quot;sizes&quot;:{&quot;full&quot;:640,&quot;low&quot;:320,&quot;thumb&quot;:150}},&quot;17984580283961956&quot;:{&quot;id&quot;:&quot;340235911_990898098736437_4957070973110780091_n&quot;,&quot;ratio&quot;:&quot;1.00&quot;,&quot;sizes&quot;:{&quot;full&quot;:640,&quot;low&quot;:320,&quot;thumb&quot;:150}},&quot;17923134392696013&quot;:{&quot;id&quot;:&quot;342546685_181968438050070_2465541222215337877_n.webp&quot;,&quot;ratio&quot;:&quot;1.00&quot;,&quot;sizes&quot;:{&quot;full&quot;:640,&quot;low&quot;:320,&quot;thumb&quot;:150}},&quot;17887450022776952&quot;:{&quot;id&quot;:&quot;345070814_1316485175597423_4731414196087951224_n.webp&quot;,&quot;ratio&quot;:&quot;1.00&quot;,&quot;sizes&quot;:{&quot;full&quot;:640,&quot;low&quot;:320,&quot;thumb&quot;:150}},&quot;17957664812372530&quot;:{&quot;id&quot;:&quot;346245902_1096748185047063_3794009532509658461_n&quot;,&quot;ratio&quot;:&quot;0.56&quot;,&quot;sizes&quot;:{&quot;full&quot;:640,&quot;low&quot;:320,&quot;thumb&quot;:150}},&quot;17964659234444105&quot;:{&quot;id&quot;:&quot;346266814_1227768564774210_7560107087816703390_n&quot;,&quot;ratio&quot;:&quot;1.00&quot;,&quot;sizes&quot;:{&quot;full&quot;:640,&quot;low&quot;:320,&quot;thumb&quot;:150}}}\">\n\t<\/span>\n\t<\/div>\n\n\n","protected":false},"excerpt":{"rendered":"<p>Willkommen Das Projekt &#8222;My Place&#8220; entsteht aus dem Wunsch, die langj\u00e4hrige und famili\u00e4re Erfahrung des Hotels La Coccinella mit einem innovativen, jungen und umweltbewussten Konzept zu verbinden. Wir glauben, dass der ideale Urlaub frei von Einschr\u00e4nkungen und Sorgen sein soll. Deshalb sind wir davon \u00fcberzeugt, dass die G\u00e4ste ihren Urlaub nach ihren eigenen Bed\u00fcrfnissen gestalten [&hellip;]<\/p>\n","protected":false},"author":1,"featured_media":0,"parent":0,"menu_order":0,"comment_status":"closed","ping_status":"closed","template":"","meta":{"_acf_changed":false,"footnotes":""},"class_list":["post-1133","page","type-page","status-publish","hentry"],"acf":[],"yoast_head":"<!-- This site is optimized with the Yoast SEO plugin v27.0 - https:\/\/yoast.com\/product\/yoast-seo-wordpress\/ -->\n<title>Home - My Place Hotel<\/title>\n<meta name=\"robots\" content=\"index, follow, max-snippet:-1, max-image-preview:large, max-video-preview:-1\" \/>\n<link rel=\"canonical\" href=\"https:\/\/www.myplacehotel.it\/de\/\" \/>\n<meta property=\"og:locale\" content=\"de_DE\" \/>\n<meta property=\"og:type\" content=\"article\" \/>\n<meta property=\"og:title\" content=\"Home - My Place Hotel\" \/>\n<meta property=\"og:description\" content=\"Willkommen Das Projekt &#8222;My Place&#8220; entsteht aus dem Wunsch, die langj\u00e4hrige und famili\u00e4re Erfahrung des Hotels La Coccinella mit einem innovativen, jungen und umweltbewussten Konzept zu verbinden. Wir glauben, dass der ideale Urlaub frei von Einschr\u00e4nkungen und Sorgen sein soll. Deshalb sind wir davon \u00fcberzeugt, dass die G\u00e4ste ihren Urlaub nach ihren eigenen Bed\u00fcrfnissen gestalten [&hellip;]\" \/>\n<meta property=\"og:url\" content=\"https:\/\/www.myplacehotel.it\/de\/\" \/>\n<meta property=\"og:site_name\" content=\"My Place Hotel\" \/>\n<meta property=\"article:modified_time\" content=\"2023-05-16T13:39:47+00:00\" \/>\n<meta property=\"og:image\" content=\"https:\/\/www.myplacehotel.it\/wp-content\/uploads\/2022\/02\/2022-hotel-esterno.jpg\" \/>\n<meta name=\"twitter:card\" content=\"summary_large_image\" \/>\n<meta name=\"twitter:label1\" content=\"Gesch\u00e4tzte Lesezeit\" \/>\n\t<meta name=\"twitter:data1\" content=\"1\u00a0Minute\" \/>\n<script type=\"application\/ld+json\" class=\"yoast-schema-graph\">{\"@context\":\"https:\/\/schema.org\",\"@graph\":[{\"@type\":\"WebPage\",\"@id\":\"https:\/\/www.myplacehotel.it\/de\/\",\"url\":\"https:\/\/www.myplacehotel.it\/de\/\",\"name\":\"Home - My Place Hotel\",\"isPartOf\":{\"@id\":\"https:\/\/www.myplacehotel.it\/de\/#website\"},\"primaryImageOfPage\":{\"@id\":\"https:\/\/www.myplacehotel.it\/de\/#primaryimage\"},\"image\":{\"@id\":\"https:\/\/www.myplacehotel.it\/de\/#primaryimage\"},\"thumbnailUrl\":\"https:\/\/www.myplacehotel.it\/wp-content\/uploads\/2022\/02\/2022-hotel-esterno.jpg\",\"datePublished\":\"2022-03-30T09:43:53+00:00\",\"dateModified\":\"2023-05-16T13:39:47+00:00\",\"breadcrumb\":{\"@id\":\"https:\/\/www.myplacehotel.it\/de\/#breadcrumb\"},\"inLanguage\":\"de\",\"potentialAction\":[{\"@type\":\"ReadAction\",\"target\":[\"https:\/\/www.myplacehotel.it\/de\/\"]}]},{\"@type\":\"ImageObject\",\"inLanguage\":\"de\",\"@id\":\"https:\/\/www.myplacehotel.it\/de\/#primaryimage\",\"url\":\"https:\/\/www.myplacehotel.it\/wp-content\/uploads\/2022\/02\/2022-hotel-esterno.jpg\",\"contentUrl\":\"https:\/\/www.myplacehotel.it\/wp-content\/uploads\/2022\/02\/2022-hotel-esterno.jpg\"},{\"@type\":\"BreadcrumbList\",\"@id\":\"https:\/\/www.myplacehotel.it\/de\/#breadcrumb\",\"itemListElement\":[{\"@type\":\"ListItem\",\"position\":1,\"name\":\"Home\",\"item\":\"https:\/\/www.myplacehotel.it\/de\/\"},{\"@type\":\"ListItem\",\"position\":2,\"name\":\"Home\"}]},{\"@type\":\"WebSite\",\"@id\":\"https:\/\/www.myplacehotel.it\/de\/#website\",\"url\":\"https:\/\/www.myplacehotel.it\/de\/\",\"name\":\"My Place Hotel\",\"description\":\"\",\"potentialAction\":[{\"@type\":\"SearchAction\",\"target\":{\"@type\":\"EntryPoint\",\"urlTemplate\":\"https:\/\/www.myplacehotel.it\/de\/?s={search_term_string}\"},\"query-input\":{\"@type\":\"PropertyValueSpecification\",\"valueRequired\":true,\"valueName\":\"search_term_string\"}}],\"inLanguage\":\"de\"}]}<\/script>\n<!-- \/ Yoast SEO plugin. -->","yoast_head_json":{"title":"Home - My Place Hotel","robots":{"index":"index","follow":"follow","max-snippet":"max-snippet:-1","max-image-preview":"max-image-preview:large","max-video-preview":"max-video-preview:-1"},"canonical":"https:\/\/www.myplacehotel.it\/de\/","og_locale":"de_DE","og_type":"article","og_title":"Home - My Place Hotel","og_description":"Willkommen Das Projekt &#8222;My Place&#8220; entsteht aus dem Wunsch, die langj\u00e4hrige und famili\u00e4re Erfahrung des Hotels La Coccinella mit einem innovativen, jungen und umweltbewussten Konzept zu verbinden. Wir glauben, dass der ideale Urlaub frei von Einschr\u00e4nkungen und Sorgen sein soll. Deshalb sind wir davon \u00fcberzeugt, dass die G\u00e4ste ihren Urlaub nach ihren eigenen Bed\u00fcrfnissen gestalten [&hellip;]","og_url":"https:\/\/www.myplacehotel.it\/de\/","og_site_name":"My Place Hotel","article_modified_time":"2023-05-16T13:39:47+00:00","og_image":[{"url":"https:\/\/www.myplacehotel.it\/wp-content\/uploads\/2022\/02\/2022-hotel-esterno.jpg","type":"","width":"","height":""}],"twitter_card":"summary_large_image","twitter_misc":{"Gesch\u00e4tzte Lesezeit":"1\u00a0Minute"},"schema":{"@context":"https:\/\/schema.org","@graph":[{"@type":"WebPage","@id":"https:\/\/www.myplacehotel.it\/de\/","url":"https:\/\/www.myplacehotel.it\/de\/","name":"Home - My Place Hotel","isPartOf":{"@id":"https:\/\/www.myplacehotel.it\/de\/#website"},"primaryImageOfPage":{"@id":"https:\/\/www.myplacehotel.it\/de\/#primaryimage"},"image":{"@id":"https:\/\/www.myplacehotel.it\/de\/#primaryimage"},"thumbnailUrl":"https:\/\/www.myplacehotel.it\/wp-content\/uploads\/2022\/02\/2022-hotel-esterno.jpg","datePublished":"2022-03-30T09:43:53+00:00","dateModified":"2023-05-16T13:39:47+00:00","breadcrumb":{"@id":"https:\/\/www.myplacehotel.it\/de\/#breadcrumb"},"inLanguage":"de","potentialAction":[{"@type":"ReadAction","target":["https:\/\/www.myplacehotel.it\/de\/"]}]},{"@type":"ImageObject","inLanguage":"de","@id":"https:\/\/www.myplacehotel.it\/de\/#primaryimage","url":"https:\/\/www.myplacehotel.it\/wp-content\/uploads\/2022\/02\/2022-hotel-esterno.jpg","contentUrl":"https:\/\/www.myplacehotel.it\/wp-content\/uploads\/2022\/02\/2022-hotel-esterno.jpg"},{"@type":"BreadcrumbList","@id":"https:\/\/www.myplacehotel.it\/de\/#breadcrumb","itemListElement":[{"@type":"ListItem","position":1,"name":"Home","item":"https:\/\/www.myplacehotel.it\/de\/"},{"@type":"ListItem","position":2,"name":"Home"}]},{"@type":"WebSite","@id":"https:\/\/www.myplacehotel.it\/de\/#website","url":"https:\/\/www.myplacehotel.it\/de\/","name":"My Place Hotel","description":"","potentialAction":[{"@type":"SearchAction","target":{"@type":"EntryPoint","urlTemplate":"https:\/\/www.myplacehotel.it\/de\/?s={search_term_string}"},"query-input":{"@type":"PropertyValueSpecification","valueRequired":true,"valueName":"search_term_string"}}],"inLanguage":"de"}]}},"_links":{"self":[{"href":"https:\/\/www.myplacehotel.it\/de\/wp-json\/wp\/v2\/pages\/1133","targetHints":{"allow":["GET"]}}],"collection":[{"href":"https:\/\/www.myplacehotel.it\/de\/wp-json\/wp\/v2\/pages"}],"about":[{"href":"https:\/\/www.myplacehotel.it\/de\/wp-json\/wp\/v2\/types\/page"}],"author":[{"embeddable":true,"href":"https:\/\/www.myplacehotel.it\/de\/wp-json\/wp\/v2\/users\/1"}],"replies":[{"embeddable":true,"href":"https:\/\/www.myplacehotel.it\/de\/wp-json\/wp\/v2\/comments?post=1133"}],"version-history":[{"count":11,"href":"https:\/\/www.myplacehotel.it\/de\/wp-json\/wp\/v2\/pages\/1133\/revisions"}],"predecessor-version":[{"id":1744,"href":"https:\/\/www.myplacehotel.it\/de\/wp-json\/wp\/v2\/pages\/1133\/revisions\/1744"}],"wp:attachment":[{"href":"https:\/\/www.myplacehotel.it\/de\/wp-json\/wp\/v2\/media?parent=1133"}],"curies":[{"name":"wp","href":"https:\/\/api.w.org\/{rel}","templated":true}]}}